{"id":307,"date":"2017-03-23T15:44:16","date_gmt":"2017-03-23T15:44:16","guid":{"rendered":"http:\/\/allgemeinarzt-in-bonn.de\/?page_id=307"},"modified":"2026-04-13T19:19:21","modified_gmt":"2026-04-13T19:19:21","slug":"untersuchungen","status":"publish","type":"page","link":"https:\/\/www.allgemeinarzt-in-bonn.de\/?page_id=307","title":{"rendered":"Untersuchungen"},"content":{"rendered":"<p><img decoding=\"async\" src=\"\/wp-content\/uploads\/2017\/03\/praxis_quer.png\" alt=\"\"><\/p>\n<h1>Untersuchungen<\/h1>\n<hr>\n<ul>\n<li>\n<div>K\u00f6rperliche Untersuchung<\/div>\n<\/li>\n<li>\n<div>Laboruntersuchung<\/div>\n<\/li>\n<li>\n<div>EKG<\/div>\n<\/li>\n<li>\n<div>Langzeit-Blutdruckmessung<\/div>\n<\/li>\n<li>\n<div>Lungenfunktionspr\u00fcfung<\/div>\n<\/li>\n<li>\n<div>Ultraschalluntersuchungen von Bauchorganen, Nieren und Gef\u00e4\u00dfen<\/div>\n<\/li>\n<li>\n<div>Durchblutungsmessungen der Beinarterien mittels Ultraschall-Doppler<\/div>\n<\/li>\n<li>\n<div>Wundversorgung<\/div>\n<\/li>\n<\/ul>\n<ul>\n<li>\n<div>Impfberatung \/ Impfungen<\/div>\n<\/li>\n<li>\n<div>Vorsorgeuntersuchungen<\/div>\n<\/li>\n<li>\n<div>Hausbesuche<\/div>\n<\/li>\n<li>\n<div>\u00dcberpr\u00fcfung der Hirnleistung im Alter<\/div>\n<\/li>\n<li>\n<div>Behandlungsprogramm f\u00fcr Diabetiker (DMP Diabetes)<\/div>\n<\/li>\n<li>\n<div>Behandlungsprogramm f\u00fcr Herzkranke (DMP KHK)<\/div>\n<\/li>\n<li>\n<div>Hausarztvertr\u00e4ge (HZV) f\u00fcr Techniker (TK)-und Innungskrankenkasse (Vereinigte IKK), AOK<\/div>\n<\/li>\n<\/ul>\n<p><!--more--><br \/>\n<!-- {\"type\":\"layout\",\"children\":[{\"name\":\"R\\u00e4umlichkeiten\",\"type\":\"section\",\"props\":{\"image_position\":\"center-center\",\"padding_remove_bottom\":true,\"padding_remove_top\":true,\"style\":\"primary\",\"title_breakpoint\":\"xl\",\"title_position\":\"top-left\",\"title_rotation\":\"left\",\"vertical_align\":\"middle\",\"width\":\"default\"},\"children\":[{\"type\":\"row\",\"children\":[{\"type\":\"column\",\"props\":{\"image_position\":\"center-center\",\"position_sticky_breakpoint\":\"m\",\"width_medium\":\"1-1\"},\"children\":[{\"type\":\"headline\",\"props\":{\"content\":\"<strong>Die Praxis macht vom 07.04.26 \\u2013 10.04.26 Osterferien.<\\\/strong><br \\\/><strong>Unsere Praxis-Vertretung: Dr. Eichorn, Oppelner Str. 33, 53119 Bonn<\\\/strong><br \\\/><strong>Telefon 0228 9663024<\\\/strong> \\n\\n<!--strong>Die Praxis macht vom 12.02.2026 bis einschlie\\u00dflich 17.02.2026 Karnevalsurlaub.<\\\/strong><br \\\/><strong>Unsere Praxis-Vertretung: Dr. Eichorn, Oppelner Str. 33, 53119 Bonn<\\\/strong><br \\\/><strong>Telefon 0228 9663024<\\\/strong>\\n\\n<!--strong>Weihnachtsurlaub vom 22.12.2025 bis 02.01.2026<br \\\/>Unsere Praxis-Vertretung: Dr. Eichorn, Oppelner Str. 33, 53119 Bonn<br \\\/>Telefon 0228 9663024<\\\/strong> \\n\\n<!--strong>Die Praxis macht vom 13.10.2025 \\u2013 17.10.2025 Urlaub.<\\\/strong><br \\\/><strong>Unsere Praxis-Vertretung: Hausarztpraxis Buschdorf<br \\\/>\\nMerdian\\\/Luzar, Otto-Hahn-Str. 62, 53117 Bonn, Telefon 0228 676266<\\\/strong>\\n\\n<!--strong>Praxisurlaub vom 21.07.25 bis einschlie\\u00dflich 08.08.25.<\\\/strong><br \\\/><strong>Unsere Praxis-Vertretung: Dr. Eichorn, Oppelner Str. 33, 53119 Bonn<br \\\/>Telefon 0228 9663024<\\\/strong>\\n\\n<!--strong>Die Praxis ist am 10.06. geschlossen.<\\\/strong><br \\\/><strong>Unsere Praxis-Vertretung: Dr. Eichorn, Oppelner Str. 33, 53119 Bonn<br \\\/>Telefon 0228 9663024<\\\/strong--> \\n\\n<!--strong>Die Praxis ist am 30.05. und am 10.06. geschlossen.<\\\/strong><br \\\/><strong>Unsere Praxis-Vertretung: Dr. Eichorn, Oppelner Str. 33, 53119 Bonn<br \\\/>Telefon 0228 9663024<\\\/strong--> \\n\\n<!--strong>Praxis ist von 19.05. - 22.05. wegen IT-Umstellung geschlossen.<\\\/strong><br \\\/><strong>Unsere Praxis-Vertretung: Dr. Eichorn, Oppelner Str. 33, 53119 Bonn<br \\\/>Telefon 0228 9663024<\\\/strong--> \\n\\n<!--strong>Die Praxis macht vom 22.04.25 \\u2013 25.04.25 Osterferien.<\\\/strong><br \\\/><strong>Unsere Praxis-Vertretung: Praxis Merdian\\\/Luzar, Otto-Hahn-Str. 62, 53117 Bonn<\\\/strong><br \\\/><strong>Telefon 0228 676266<\\\/strong--> \\n\\n<!--strong>Die Praxis macht vom 27.02.2025 - 04.03.2025 Karnevalsurlaub.<\\\/strong><br \\\/><strong>Unsere Praxis-Vertretung: Dr. Eichorn, Oppelner Str. 33, 53119 Bonn<\\\/strong><br \\\/><strong>Telefon 0228 9663024<\\\/strong--> \\n\\n<!--strong>Die Praxis macht vom 19.12.2024 - 03.01.2025 Urlaub.<\\\/strong><br \\\/><strong>Unsere Praxis-Vertretung: Dr. Eichorn, Oppelner Str. 33, 53119 Bonn<\\\/strong><br \\\/><strong>Telefon 0228 9663024 \\u2013 Wir w\\u00fcnschen frohe Weihnachten!<\\\/strong--> <!--strong>Die Praxis macht vom 21.10.24 - 25.10.24 Urlaub.<\\\/strong><br \\\/><strong>Unsere Praxis-Vertretung: Dr. Abel &amp; Dr. Z\\u00fchlke, Rochusstr. 190, 53123 Bonn<\\\/strong><br \\\/><strong>Telefon 0228 622457<\\\/strong--> <!--<strong>Am Dienstag, dem 21. Mai 2024 bleibt die Praxis zu. <\\\/strong><br \\\/><strong>Unsere Praxis- Vertretung:\\u00a0Dr. Eichhorn, Oppelner Str. 33, 53119 Bonn, <\\\/strong><br \\\/><strong>Telefon 0228 9663024<\\\/strong--> <!--strong>Am 10. Mai 2024 bleibt die Praxis zu. <\\\/strong><br \\\/><strong>Unsere Praxis- Vertretung:\\u00a0Dr. Hesse\\\/Dr. Merdian, Otto-Hahn-Str.62, 53117 Bonn, <\\\/strong><br \\\/><strong>Telefon 0228 676266<\\\/strong><\\\/--> <!--strong>Seit dem 6. November<\\\/strong> finden Sie uns in neuen R\\u00e4umlichkeiten. <strong>Paulusplatz 7-9, 53119 Bonn, Tel. +49 228\\\/661069<\\\/strong--> <!--strong>In den Osterferien ist die Praxis vom 25.03. \\u2013 29.03. geschlossen.<br \/>Wir w\\u00fcnschen frohe Ostern!<\\\/strong--> <!--<strong>Die Praxis macht vom 28.05. \\u2013 29.05.2023 Urlaub.<br \\\/>Bitte beachten Sie die Aush\\u00e4nge und Telefonansagen!<br \\\/>Wir w\\u00fcnschen frohe Pfingsten!<\\\/strong>--> <!--<strong>Die Praxis macht vom 29.07. - 09.08.24 Urlaub.<br \/>\\nBitte beachten Sie w\\u00e4hrend der Sommerferien die Aush\\u00e4nge und Telefonansagen!<\\\/strong--> <!--strong>Die Praxis macht vom 02.10. \\u2013 06.10.2023 Urlaub.<br \\\/>Bitte beachten Sie w\\u00e4hrend der Herbstferien die Aush\\u00e4nge und Telefonansagen!<\\\/strong--> <!--strong>Die Praxis macht vom 20.12.2023 \\u2013 03.01.2024 Urlaub.<br \\\/>Bitte beachten Sie w\\u00e4hrend der Weihnachtsferien die Aush\\u00e4nge und Telefonansagen!<br \\\/>Wir w\\u00fcnschen frohe Weihnachten!<\\\/strong-->&#8222;,&#8220;css&#8220;:&#8220;.el-element {\\npadding-top:15px;\\n    padding-bottom: 15px;\\n}&#8220;,&#8220;margin_remove_bottom&#8220;:true,&#8220;margin_remove_top&#8220;:true,&#8220;text_align&#8220;:&#8220;center&#8220;,&#8220;title_element&#8220;:&#8220;h1&#8243;,&#8220;title_style&#8220;:&#8220;h3&#8243;}}]}],&#8220;props&#8220;:{&#8222;status&#8220;:&#8220;disabled&#8220;}}]},{&#8222;name&#8220;:&#8220;Untersuchungen&#8220;,&#8220;type&#8220;:&#8220;section&#8220;,&#8220;props&#8220;:{&#8222;image_position&#8220;:&#8220;center-center&#8220;,&#8220;style&#8220;:&#8220;default&#8220;,&#8220;title_breakpoint&#8220;:&#8220;xl&#8220;,&#8220;title_position&#8220;:&#8220;top-left&#8220;,&#8220;title_rotation&#8220;:&#8220;left&#8220;,&#8220;vertical_align&#8220;:&#8220;middle&#8220;,&#8220;width&#8220;:&#8220;default&#8220;},&#8220;children&#8220;:[{&#8222;type&#8220;:&#8220;row&#8220;,&#8220;children&#8220;:[{&#8222;type&#8220;:&#8220;column&#8220;,&#8220;props&#8220;:{&#8222;image_position&#8220;:&#8220;center-center&#8220;,&#8220;position_sticky_breakpoint&#8220;:&#8220;m&#8220;,&#8220;width_medium&#8220;:&#8220;1-1&#8243;},&#8220;children&#8220;:[{&#8222;name&#8220;:&#8220;Logo Top&#8220;,&#8220;type&#8220;:&#8220;image&#8220;,&#8220;props&#8220;:{&#8222;image&#8220;:&#8220;wp-content\\\/uploads\\\/2017\\\/03\\\/praxis_quer.png&#8220;,&#8220;image_svg_color&#8220;:&#8220;emphasis&#8220;,&#8220;margin&#8220;:&#8220;default&#8220;,&#8220;text_align&#8220;:&#8220;center&#8220;}},{&#8222;type&#8220;:&#8220;headline&#8220;,&#8220;props&#8220;:{&#8222;content&#8220;:&#8220;Untersuchungen&#8220;,&#8220;title_color&#8220;:&#8220;muted&#8220;,&#8220;title_element&#8220;:&#8220;h1&#8243;,&#8220;title_style&#8220;:&#8220;heading-small&#8220;}},{&#8222;type&#8220;:&#8220;divider&#8220;,&#8220;props&#8220;:{&#8222;divider_element&#8220;:&#8220;hr&#8220;}}]}]}]},{&#8222;type&#8220;:&#8220;section&#8220;,&#8220;props&#8220;:{&#8222;image_position&#8220;:&#8220;center-center&#8220;,&#8220;padding_remove_bottom&#8220;:true,&#8220;padding_remove_top&#8220;:true,&#8220;style&#8220;:&#8220;default&#8220;,&#8220;title_breakpoint&#8220;:&#8220;xl&#8220;,&#8220;title_position&#8220;:&#8220;top-left&#8220;,&#8220;title_rotation&#8220;:&#8220;left&#8220;,&#8220;vertical_align&#8220;:&#8220;middle&#8220;,&#8220;width&#8220;:&#8220;default&#8220;},&#8220;children&#8220;:[{&#8222;type&#8220;:&#8220;row&#8220;,&#8220;props&#8220;:{&#8222;layout&#8220;:&#8220;1-2,1-2&#8243;},&#8220;children&#8220;:[{&#8222;type&#8220;:&#8220;column&#8220;,&#8220;props&#8220;:{&#8222;image_position&#8220;:&#8220;center-center&#8220;,&#8220;position_sticky_breakpoint&#8220;:&#8220;m&#8220;,&#8220;width_medium&#8220;:&#8220;1-2&#8243;},&#8220;children&#8220;:[{&#8222;type&#8220;:&#8220;list&#8220;,&#8220;props&#8220;:{&#8222;column_breakpoint&#8220;:&#8220;m&#8220;,&#8220;image_align&#8220;:&#8220;left&#8220;,&#8220;image_svg_color&#8220;:&#8220;emphasis&#8220;,&#8220;image_vertical_align&#8220;:true,&#8220;list_element&#8220;:&#8220;ul&#8220;,&#8220;list_horizontal_separator&#8220;:&#8220;, &#8222;,&#8220;list_type&#8220;:&#8220;vertical&#8220;,&#8220;show_image&#8220;:true,&#8220;show_link&#8220;:true},&#8220;children&#8220;:[{&#8222;type&#8220;:&#8220;list_item&#8220;,&#8220;props&#8220;:{&#8222;content&#8220;:&#8220;K\\u00f6rperliche Untersuchung&#8220;,&#8220;icon&#8220;:&#8220;plus-circle&#8220;}},{&#8222;type&#8220;:&#8220;list_item&#8220;,&#8220;props&#8220;:{&#8222;content&#8220;:&#8220;Laboruntersuchung&#8220;,&#8220;icon&#8220;:&#8220;plus-circle&#8220;}},{&#8222;type&#8220;:&#8220;list_item&#8220;,&#8220;props&#8220;:{&#8222;content&#8220;:&#8220;EKG&#8220;,&#8220;icon&#8220;:&#8220;plus-circle&#8220;}},{&#8222;type&#8220;:&#8220;list_item&#8220;,&#8220;props&#8220;:{&#8222;content&#8220;:&#8220;Langzeit-Blutdruckmessung&#8220;,&#8220;icon&#8220;:&#8220;plus-circle&#8220;}},{&#8222;type&#8220;:&#8220;list_item&#8220;,&#8220;props&#8220;:{&#8222;content&#8220;:&#8220;Lungenfunktionspr\\u00fcfung&#8220;,&#8220;icon&#8220;:&#8220;plus-circle&#8220;}},{&#8222;type&#8220;:&#8220;list_item&#8220;,&#8220;props&#8220;:{&#8222;content&#8220;:&#8220;Ultraschalluntersuchungen von Bauchorganen, Nieren und Gef\\u00e4\\u00dfen&#8220;,&#8220;icon&#8220;:&#8220;plus-circle&#8220;}},{&#8222;type&#8220;:&#8220;list_item&#8220;,&#8220;props&#8220;:{&#8222;content&#8220;:&#8220;Durchblutungsmessungen der Beinarterien mittels Ultraschall-Doppler&#8220;,&#8220;icon&#8220;:&#8220;plus-circle&#8220;}},{&#8222;type&#8220;:&#8220;list_item&#8220;,&#8220;props&#8220;:{&#8222;content&#8220;:&#8220;Wundversorgung&#8220;,&#8220;icon&#8220;:&#8220;plus-circle&#8220;}}]}]},{&#8222;type&#8220;:&#8220;column&#8220;,&#8220;props&#8220;:{&#8222;image_position&#8220;:&#8220;center-center&#8220;,&#8220;position_sticky_breakpoint&#8220;:&#8220;m&#8220;,&#8220;width_medium&#8220;:&#8220;1-2&#8243;},&#8220;children&#8220;:[{&#8222;type&#8220;:&#8220;list&#8220;,&#8220;props&#8220;:{&#8222;column_breakpoint&#8220;:&#8220;m&#8220;,&#8220;image_align&#8220;:&#8220;left&#8220;,&#8220;image_svg_color&#8220;:&#8220;emphasis&#8220;,&#8220;image_vertical_align&#8220;:true,&#8220;list_element&#8220;:&#8220;ul&#8220;,&#8220;list_horizontal_separator&#8220;:&#8220;, &#8222;,&#8220;list_type&#8220;:&#8220;vertical&#8220;,&#8220;show_image&#8220;:true,&#8220;show_link&#8220;:true},&#8220;children&#8220;:[{&#8222;type&#8220;:&#8220;list_item&#8220;,&#8220;props&#8220;:{&#8222;content&#8220;:&#8220;Impfberatung \\\/ Impfungen&#8220;,&#8220;icon&#8220;:&#8220;plus-circle&#8220;}},{&#8222;type&#8220;:&#8220;list_item&#8220;,&#8220;props&#8220;:{&#8222;content&#8220;:&#8220;Vorsorgeuntersuchungen&#8220;,&#8220;icon&#8220;:&#8220;plus-circle&#8220;}},{&#8222;type&#8220;:&#8220;list_item&#8220;,&#8220;props&#8220;:{&#8222;content&#8220;:&#8220;Hausbesuche&#8220;,&#8220;icon&#8220;:&#8220;plus-circle&#8220;}},{&#8222;type&#8220;:&#8220;list_item&#8220;,&#8220;props&#8220;:{&#8222;content&#8220;:&#8220;\\u00dcberpr\\u00fcfung der Hirnleistung im Alter&#8220;,&#8220;icon&#8220;:&#8220;plus-circle&#8220;}},{&#8222;type&#8220;:&#8220;list_item&#8220;,&#8220;props&#8220;:{&#8222;content&#8220;:&#8220;Behandlungsprogramm f\\u00fcr Diabetiker (DMP Diabetes)&#8220;,&#8220;icon&#8220;:&#8220;plus-circle&#8220;}},{&#8222;type&#8220;:&#8220;list_item&#8220;,&#8220;props&#8220;:{&#8222;content&#8220;:&#8220;Behandlungsprogramm f\\u00fcr Herzkranke (DMP KHK)&#8220;,&#8220;icon&#8220;:&#8220;plus-circle&#8220;}},{&#8222;type&#8220;:&#8220;list_item&#8220;,&#8220;props&#8220;:{&#8222;content&#8220;:&#8220;Hausarztvertr\\u00e4ge (HZV) f\\u00fcr Techniker (TK)-und Innungskrankenkasse (Vereinigte IKK), AOK&#8220;,&#8220;icon&#8220;:&#8220;plus-circle&#8220;}}]}]}]}]}],&#8220;version&#8220;:&#8220;4.0.1&#8243;} &#8211;><\/p>\n","protected":false},"excerpt":{"rendered":"<p>Untersuchungen K\u00f6rperliche Untersuchung Laboruntersuchung EKG Langzeit-Blutdruckmessung Lungenfunktionspr\u00fcfung Ultraschalluntersuchungen von Bauchorganen, Nieren und Gef\u00e4\u00dfen Durchblutungsmessungen der Beinarterien mittels Ultraschall-Doppler Wundversorgung Impfberatung \/ Impfungen Vorsorgeuntersuchungen Hausbesuche \u00dcberpr\u00fcfung der Hirnleistung im Alter Behandlungsprogramm f\u00fcr Diabetiker (DMP Diabetes) Behandlungsprogramm f\u00fcr Herzkranke (DMP KHK) Hausarztvertr\u00e4ge (HZV) f\u00fcr Techniker (TK)-und Innungskrankenkasse (Vereinigte IKK), AOK<\/p>\n","protected":false},"author":1,"featured_media":0,"parent":0,"menu_order":0,"comment_status":"closed","ping_status":"closed","template":"","meta":{"footnotes":""},"_links":{"self":[{"href":"https:\/\/www.allgemeinarzt-in-bonn.de\/index.php?rest_route=\/wp\/v2\/pages\/307"}],"collection":[{"href":"https:\/\/www.allgemeinarzt-in-bonn.de\/index.php?rest_route=\/wp\/v2\/pages"}],"about":[{"href":"https:\/\/www.allgemeinarzt-in-bonn.de\/index.php?rest_route=\/wp\/v2\/types\/page"}],"author":[{"embeddable":true,"href":"https:\/\/www.allgemeinarzt-in-bonn.de\/index.php?rest_route=\/wp\/v2\/users\/1"}],"replies":[{"embeddable":true,"href":"https:\/\/www.allgemeinarzt-in-bonn.de\/index.php?rest_route=%2Fwp%2Fv2%2Fcomments&post=307"}],"version-history":[{"count":93,"href":"https:\/\/www.allgemeinarzt-in-bonn.de\/index.php?rest_route=\/wp\/v2\/pages\/307\/revisions"}],"predecessor-version":[{"id":979,"href":"https:\/\/www.allgemeinarzt-in-bonn.de\/index.php?rest_route=\/wp\/v2\/pages\/307\/revisions\/979"}],"wp:attachment":[{"href":"https:\/\/www.allgemeinarzt-in-bonn.de\/index.php?rest_route=%2Fwp%2Fv2%2Fmedia&parent=307"}],"curies":[{"name":"wp","href":"https:\/\/api.w.org\/{rel}","templated":true}]}}