{"id":97,"date":"2017-03-04T08:42:58","date_gmt":"2017-03-04T08:42:58","guid":{"rendered":"http:\/\/allgemeinarzt-in-bonn.de\/?page_id=97"},"modified":"2026-04-13T19:19:34","modified_gmt":"2026-04-13T19:19:34","slug":"igel-leistungen","status":"publish","type":"page","link":"https:\/\/www.allgemeinarzt-in-bonn.de\/?page_id=97","title":{"rendered":"IGeL-Leistungen"},"content":{"rendered":"<p><img decoding=\"async\" src=\"\/wp-content\/uploads\/2017\/03\/praxis_quer.png\" alt=\"\"><\/p>\n<h1>Individuelle Gesundheitsleistungen<\/h1>\n<h3>Gesundheitsversorgung nach Ma\u00df<\/h3>\n<hr>\n<div><strong>Liebe Patientin, lieber Patient,<\/p>\n<p><\/strong><\/p>\n<p>Ihre gesetzilche Krankenkasse bietet Ihnen einen weitgehenden Versicherungsschutz im Krankheitsfall. Allerdings garantiert sie <strong>keine &#8222;Rundumversorgung&#8220;.<\/strong> Zahlreiche \u00e4rztliche Leistungen, die durchaus \u00e4rztlich empfohlen werden k\u00f6nnen, sind <strong>nicht im Leistungskatalog<\/strong> der gesetzlichen Krankenversicherung enthalten und d\u00fcrfen von Ihrer Krankenkasse nicht \u00fcbernommen werden. Ich darf diese Leistungen daher auch <strong>nicht auf Chip-Karte<\/strong> erbringen.<\/p>\n<p><strong>Beispiele f\u00fcr individuelle Gesundheitsleistungen sind:<\/strong><\/div>\n<ul>\n<li>\n<div>die sportmedizinische Vorsorgeuntersuchung<\/div>\n<\/li>\n<li>\n<div>die reisemedizinische Beratung<\/div>\n<\/li>\n<li>\n<div>zahlreiche labordiagnostische Vorsorgeuntersuchungen<\/div>\n<\/li>\n<li>\n<div>bestimmte Verfahren der Fr\u00fcherkennung von Krebserkrankungen<\/div>\n<\/li>\n<\/ul>\n<div>Viele dieser Leistungsangebote erm\u00f6glichen Ihnen die Wahrnehmung individueller Gesundheitsbed\u00fcrfnisse. Sie kommen Ihrem Wunsch nach einer erweiterten Gesundheitsvorsorge entgegen oder erm\u00f6glichen eine selbstbestimmte Nutzung diagnostischer und therapeutischer M\u00f6glichkeiten, die in der gesetzlichen Krankenversicherung nicht angeboten werden. <\/p>\n<p>Wenn Sie derartige Leistungen in Anspruch nehmen m\u00f6chten, so sprechen Sie mich bitte darauf an. Ich werde dann anhand eines in der deutschen \u00c4rzteschaft abgestimmten Kataloges von individuellen Gesundheitsleistungen mit Ihnen beraten, welche dieser Ma\u00dfnahmen in Ihrem Fall empfehlenswert sein k\u00f6nnten. <\/p>\n<p>Wenn Sie daraufhin eine dieser Leistungen in Anspruch nehmen m\u00f6chten, so entsteht zwischen uns ein privates Behandlungsverh\u00e4ltnis. Die Verg\u00fctung regelt sich nach der amtlichen Geb\u00fchrenordnung f\u00fcr \u00c4rzte (GO\u00c4). Auf Wunsch nenne ich Ihnen gerne die bei der Durchf\u00fchrung der von Ihnen gew\u00fcnschten Leistungen entstehenden Kosten. Eine Erstattung dieser Kosten durch Ihre gesetzliche Krankenkasse ist rechtlich nicht m\u00f6glich, auch wenn manche Kassen sich nicht an diese gesetzliche Vorschrift halten und die Kosten f\u00fcr eine Reihe von individuellen Gesundheitsleistungen ganz oder teilweise \u00fcbernehmen. <\/p>\n<p><strong>Wenn Sie Fragen zu den individuellen Gesundheitsleistungen haben, so z\u00f6gern Sie bitte nicht, mich darauf anzusprechen. Ich werde Sie gerne beraten.<\/strong><\/div>\n<hr>\n<h3>Eine Liste der in unserer Praxis angebotenen &#8222;IGeL-Leistungen&#8220; finden Sie nachfolgend:<\/h3>\n<ul>\n<li>\n<div>Erg\u00e4nzung zur Gesundheitsuntersuchung, bestehend aus:<br \/>\n\u2022 Laborprofil<br \/>\n\u2022 Laborprofil und EKG<\/div>\n<\/li>\n<li>\n<div>Zus\u00e4tzliche j\u00e4hrliche Gesundheitsuntersuchung (&#8222;Intervall-Check&#8220;)<br \/>\n\u2022 mit kleinem Labor<br \/>\n\u2022 mit EKG<br \/>\n\u2022 mit EKG und kleinem Labor<br \/>\n\u2022 mit EKG und gro\u00dfem Labor<\/div>\n<\/li>\n<li>\n<div>Beratung zur laborchemischen Untersuchung (PSA und fPSA) zum Ausschlu\u00df eines Prostatacarcinoms<\/div>\n<\/li>\n<li>\n<div>Umfassende Vorsorgeuntersuchung (&#8222;General-Check&#8220;) mit EKG, Lungenfunktion, gro\u00dfem Labor, Ultraschall der Bauchorgane, Durchblutungsmessung der Beinarterien<\/div>\n<\/li>\n<li>\n<div>Ultraschall-&#8222;Check-Up&#8220; der Bauchorgane<\/div>\n<\/li>\n<li>\n<div>Lungenfunktionspr\u00fcfung zur Fr\u00fcherkennung<\/div>\n<\/li>\n<li>\n<div>Durchblutungsmessung der Beinarterien<\/div>\n<\/li>\n<li>\n<div>Kleiner Laborcheck<\/div>\n<\/li>\n<li>\n<div>Gro\u00dfer Laborcheck<\/div>\n<\/li>\n<li>\n<div>HIV-Test<\/div>\n<\/li>\n<li>\n<div>Reisemedizinische Beratung einschlie\u00dflich Impfberatung<br \/>\n\u2022 zus\u00e4tzlich: schriftlicher Impfplan mit Information zur Malaria-Prophylaxe und Reiseapotheke<br \/>\n\u2022 Reiseimpfung (z. B. Hepatitis A)<br \/>\n\u2022 Untersuchung und Bescheinigung bei Reiser\u00fccktritt<\/div>\n<\/li>\n<li>\n<div>Sportmedizinische Vorsorgeuntersuchung (Fechten, Judo, Tauchen u.a.)<\/div>\n<\/li>\n<li>\n<div>Berufseingangsuntersuchung<\/div>\n<\/li>\n<li>\n<div>\u00dcberpr\u00fcfung der Hirnleistungsfunktion auf Wunsch des Patienten mittels Testverfahren<\/div>\n<\/li>\n<li>\n<div>Kurantragsuntersuchung bei Kindern und Erwachsenen (z. B. Mutter\/Kind-Kur)<\/div>\n<\/li>\n<li>\n<div>Aufbauspritzenkur mit Medivitan<\/div>\n<\/li>\n<li>\n<div>Untersuchung von F\u00fchrerscheinbewerbern<\/div>\n<\/li>\n<\/ul>\n<p><!--more--><br \/>\n<!-- {\"type\":\"layout\",\"children\":[{\"name\":\"R\\u00e4umlichkeiten\",\"type\":\"section\",\"props\":{\"image_position\":\"center-center\",\"padding_remove_bottom\":true,\"padding_remove_top\":true,\"style\":\"primary\",\"title_breakpoint\":\"xl\",\"title_position\":\"top-left\",\"title_rotation\":\"left\",\"vertical_align\":\"middle\",\"width\":\"default\"},\"children\":[{\"type\":\"row\",\"children\":[{\"type\":\"column\",\"props\":{\"image_position\":\"center-center\",\"position_sticky_breakpoint\":\"m\",\"width_medium\":\"1-1\"},\"children\":[{\"type\":\"headline\",\"props\":{\"content\":\"<strong>Die Praxis macht vom 07.04.26 \\u2013 10.04.26 Osterferien.<\\\/strong><br \\\/><strong>Unsere Praxis-Vertretung: Dr. Eichorn, Oppelner Str. 33, 53119 Bonn<\\\/strong><br \\\/><strong>Telefon 0228 9663024<\\\/strong> \\n\\n<!--strong>Die Praxis macht vom 12.02.2026 bis einschlie\\u00dflich 17.02.2026 Karnevalsurlaub.<\\\/strong><br \\\/><strong>Unsere Praxis-Vertretung: Dr. Eichorn, Oppelner Str. 33, 53119 Bonn<\\\/strong><br \\\/><strong>Telefon 0228 9663024<\\\/strong>\\n\\n<!--strong>Weihnachtsurlaub vom 22.12.2025 bis 02.01.2026<br \\\/>Unsere Praxis-Vertretung: Dr. Eichorn, Oppelner Str. 33, 53119 Bonn<br \\\/>Telefon 0228 9663024<\\\/strong> \\n\\n<!--strong>Die Praxis macht vom 13.10.2025 \\u2013 17.10.2025 Urlaub.<\\\/strong><br \\\/><strong>Unsere Praxis-Vertretung: Hausarztpraxis Buschdorf<br \\\/>\\nMerdian\\\/Luzar, Otto-Hahn-Str. 62, 53117 Bonn, Telefon 0228 676266<\\\/strong>\\n\\n<!--strong>Praxisurlaub vom 21.07.25 bis einschlie\\u00dflich 08.08.25.<\\\/strong><br \\\/><strong>Unsere Praxis-Vertretung: Dr. Eichorn, Oppelner Str. 33, 53119 Bonn<br \\\/>Telefon 0228 9663024<\\\/strong>\\n\\n<!--strong>Die Praxis ist am 10.06. geschlossen.<\\\/strong><br \\\/><strong>Unsere Praxis-Vertretung: Dr. Eichorn, Oppelner Str. 33, 53119 Bonn<br \\\/>Telefon 0228 9663024<\\\/strong--> \\n\\n<!--strong>Die Praxis ist am 30.05. und am 10.06. geschlossen.<\\\/strong><br \\\/><strong>Unsere Praxis-Vertretung: Dr. Eichorn, Oppelner Str. 33, 53119 Bonn<br \\\/>Telefon 0228 9663024<\\\/strong--> \\n\\n<!--strong>Praxis ist von 19.05. - 22.05. wegen IT-Umstellung geschlossen.<\\\/strong><br \\\/><strong>Unsere Praxis-Vertretung: Dr. Eichorn, Oppelner Str. 33, 53119 Bonn<br \\\/>Telefon 0228 9663024<\\\/strong--> \\n\\n<!--strong>Die Praxis macht vom 22.04.25 \\u2013 25.04.25 Osterferien.<\\\/strong><br \\\/><strong>Unsere Praxis-Vertretung: Praxis Merdian\\\/Luzar, Otto-Hahn-Str. 62, 53117 Bonn<\\\/strong><br \\\/><strong>Telefon 0228 676266<\\\/strong--> \\n\\n<!--strong>Die Praxis macht vom 27.02.2025 - 04.03.2025 Karnevalsurlaub.<\\\/strong><br \\\/><strong>Unsere Praxis-Vertretung: Dr. Eichorn, Oppelner Str. 33, 53119 Bonn<\\\/strong><br \\\/><strong>Telefon 0228 9663024<\\\/strong--> \\n\\n<!--strong>Die Praxis macht vom 19.12.2024 - 03.01.2025 Urlaub.<\\\/strong><br \\\/><strong>Unsere Praxis-Vertretung: Dr. Eichorn, Oppelner Str. 33, 53119 Bonn<\\\/strong><br \\\/><strong>Telefon 0228 9663024 \\u2013 Wir w\\u00fcnschen frohe Weihnachten!<\\\/strong--> <!--strong>Die Praxis macht vom 21.10.24 - 25.10.24 Urlaub.<\\\/strong><br \\\/><strong>Unsere Praxis-Vertretung: Dr. Abel &amp; Dr. Z\\u00fchlke, Rochusstr. 190, 53123 Bonn<\\\/strong><br \\\/><strong>Telefon 0228 622457<\\\/strong--> <!--<strong>Am Dienstag, dem 21. Mai 2024 bleibt die Praxis zu. <\\\/strong><br \\\/><strong>Unsere Praxis- Vertretung:\\u00a0Dr. Eichhorn, Oppelner Str. 33, 53119 Bonn, <\\\/strong><br \\\/><strong>Telefon 0228 9663024<\\\/strong--> <!--strong>Am 10. Mai 2024 bleibt die Praxis zu. <\\\/strong><br \\\/><strong>Unsere Praxis- Vertretung:\\u00a0Dr. Hesse\\\/Dr. Merdian, Otto-Hahn-Str.62, 53117 Bonn, <\\\/strong><br \\\/><strong>Telefon 0228 676266<\\\/strong><\\\/--> <!--strong>Seit dem 6. November<\\\/strong> finden Sie uns in neuen R\\u00e4umlichkeiten. <strong>Paulusplatz 7-9, 53119 Bonn, Tel. +49 228\\\/661069<\\\/strong--> <!--strong>In den Osterferien ist die Praxis vom 25.03. \\u2013 29.03. geschlossen.<br \/>Wir w\\u00fcnschen frohe Ostern!<\\\/strong--> <!--<strong>Die Praxis macht vom 28.05. \\u2013 29.05.2023 Urlaub.<br \\\/>Bitte beachten Sie die Aush\\u00e4nge und Telefonansagen!<br \\\/>Wir w\\u00fcnschen frohe Pfingsten!<\\\/strong>--> <!--<strong>Die Praxis macht vom 29.07. - 09.08.24 Urlaub.<br \/>\\nBitte beachten Sie w\\u00e4hrend der Sommerferien die Aush\\u00e4nge und Telefonansagen!<\\\/strong--> <!--strong>Die Praxis macht vom 02.10. \\u2013 06.10.2023 Urlaub.<br \\\/>Bitte beachten Sie w\\u00e4hrend der Herbstferien die Aush\\u00e4nge und Telefonansagen!<\\\/strong--> <!--strong>Die Praxis macht vom 20.12.2023 \\u2013 03.01.2024 Urlaub.<br \\\/>Bitte beachten Sie w\\u00e4hrend der Weihnachtsferien die Aush\\u00e4nge und Telefonansagen!<br \\\/>Wir w\\u00fcnschen frohe Weihnachten!<\\\/strong-->&#8222;,&#8220;css&#8220;:&#8220;.el-element {\\npadding-top:15px;\\n    padding-bottom: 15px;\\n}&#8220;,&#8220;margin_remove_bottom&#8220;:true,&#8220;margin_remove_top&#8220;:true,&#8220;text_align&#8220;:&#8220;center&#8220;,&#8220;title_element&#8220;:&#8220;h1&#8243;,&#8220;title_style&#8220;:&#8220;h3&#8243;}}]}],&#8220;props&#8220;:{&#8222;status&#8220;:&#8220;disabled&#8220;}}]},{&#8222;type&#8220;:&#8220;section&#8220;,&#8220;props&#8220;:{&#8222;image_position&#8220;:&#8220;center-center&#8220;,&#8220;style&#8220;:&#8220;default&#8220;,&#8220;title_breakpoint&#8220;:&#8220;xl&#8220;,&#8220;title_position&#8220;:&#8220;top-left&#8220;,&#8220;title_rotation&#8220;:&#8220;left&#8220;,&#8220;vertical_align&#8220;:&#8220;middle&#8220;,&#8220;width&#8220;:&#8220;default&#8220;},&#8220;children&#8220;:[{&#8222;type&#8220;:&#8220;row&#8220;,&#8220;children&#8220;:[{&#8222;type&#8220;:&#8220;column&#8220;,&#8220;props&#8220;:{&#8222;image_position&#8220;:&#8220;center-center&#8220;,&#8220;position_sticky_breakpoint&#8220;:&#8220;m&#8220;,&#8220;width_medium&#8220;:&#8220;1-1&#8243;},&#8220;children&#8220;:[{&#8222;name&#8220;:&#8220;Logo Top&#8220;,&#8220;type&#8220;:&#8220;image&#8220;,&#8220;props&#8220;:{&#8222;image&#8220;:&#8220;wp-content\\\/uploads\\\/2017\\\/03\\\/praxis_quer.png&#8220;,&#8220;image_svg_color&#8220;:&#8220;emphasis&#8220;,&#8220;margin&#8220;:&#8220;default&#8220;,&#8220;text_align&#8220;:&#8220;center&#8220;}},{&#8222;type&#8220;:&#8220;headline&#8220;,&#8220;props&#8220;:{&#8222;content&#8220;:&#8220;Individuelle Gesundheitsleistungen&#8220;,&#8220;title_color&#8220;:&#8220;muted&#8220;,&#8220;title_element&#8220;:&#8220;h1&#8243;,&#8220;title_style&#8220;:&#8220;heading-small&#8220;}},{&#8222;type&#8220;:&#8220;headline&#8220;,&#8220;props&#8220;:{&#8222;content&#8220;:&#8220;Gesundheitsversorgung nach Ma\\u00df&#8220;,&#8220;margin&#8220;:&#8220;small&#8220;,&#8220;title_color&#8220;:&#8220;primary&#8220;,&#8220;title_element&#8220;:&#8220;h3&#8243;}},{&#8222;type&#8220;:&#8220;divider&#8220;,&#8220;props&#8220;:{&#8222;divider_element&#8220;:&#8220;hr&#8220;}},{&#8222;type&#8220;:&#8220;text&#8220;,&#8220;props&#8220;:{&#8222;animation&#8220;:&#8220;slide-top&#8220;,&#8220;column_breakpoint&#8220;:&#8220;m&#8220;,&#8220;content&#8220;:&#8220;<strong>Liebe Patientin, lieber Patient,<\/p>\n<p><\\\/strong>\\n\\nIhre gesetzilche Krankenkasse bietet Ihnen einen weitgehenden Versicherungsschutz im Krankheitsfall. Allerdings garantiert sie <strong>keine \\&#8220;Rundumversorgung\\&#8220;.<\\\/strong> Zahlreiche \\u00e4rztliche Leistungen, die durchaus \\u00e4rztlich empfohlen werden k\\u00f6nnen, sind <strong>nicht im Leistungskatalog<\\\/strong> der gesetzlichen Krankenversicherung enthalten und d\\u00fcrfen von Ihrer Krankenkasse nicht \\u00fcbernommen werden. Ich darf diese Leistungen daher auch <strong>nicht auf Chip-Karte<\\\/strong> erbringen.<\/p>\n<p>\\n<strong>Beispiele f\\u00fcr individuelle Gesundheitsleistungen sind:<\\\/strong>&#8222;,&#8220;margin&#8220;:&#8220;default&#8220;}},{&#8222;type&#8220;:&#8220;list&#8220;,&#8220;props&#8220;:{&#8222;column_breakpoint&#8220;:&#8220;m&#8220;,&#8220;image_align&#8220;:&#8220;left&#8220;,&#8220;image_svg_color&#8220;:&#8220;emphasis&#8220;,&#8220;image_vertical_align&#8220;:true,&#8220;list_element&#8220;:&#8220;ul&#8220;,&#8220;list_horizontal_separator&#8220;:&#8220;, &#8222;,&#8220;list_type&#8220;:&#8220;vertical&#8220;,&#8220;show_image&#8220;:true,&#8220;show_link&#8220;:true},&#8220;children&#8220;:[{&#8222;type&#8220;:&#8220;list_item&#8220;,&#8220;props&#8220;:{&#8222;content&#8220;:&#8220;die sportmedizinische Vorsorgeuntersuchung&#8220;,&#8220;icon&#8220;:&#8220;plus-circle&#8220;}},{&#8222;type&#8220;:&#8220;list_item&#8220;,&#8220;props&#8220;:{&#8222;content&#8220;:&#8220;die reisemedizinische Beratung&#8220;,&#8220;icon&#8220;:&#8220;plus-circle&#8220;}},{&#8222;type&#8220;:&#8220;list_item&#8220;,&#8220;props&#8220;:{&#8222;content&#8220;:&#8220;zahlreiche labordiagnostische Vorsorgeuntersuchungen&#8220;,&#8220;icon&#8220;:&#8220;plus-circle&#8220;}},{&#8222;type&#8220;:&#8220;list_item&#8220;,&#8220;props&#8220;:{&#8222;content&#8220;:&#8220;bestimmte Verfahren der Fr\\u00fcherkennung von Krebserkrankungen&#8220;,&#8220;icon&#8220;:&#8220;plus-circle&#8220;}}]},{&#8222;type&#8220;:&#8220;text&#8220;,&#8220;props&#8220;:{&#8222;animation&#8220;:&#8220;slide-top&#8220;,&#8220;column_breakpoint&#8220;:&#8220;m&#8220;,&#8220;content&#8220;:&#8220;Viele dieser Leistungsangebote erm\\u00f6glichen Ihnen die Wahrnehmung individueller Gesundheitsbed\\u00fcrfnisse. Sie kommen Ihrem Wunsch nach einer erweiterten Gesundheitsvorsorge entgegen oder erm\\u00f6glichen eine selbstbestimmte Nutzung diagnostischer und therapeutischer M\\u00f6glichkeiten, die in der gesetzlichen Krankenversicherung nicht angeboten werden. <\/p>\n<p>\\n\\nWenn Sie derartige Leistungen in Anspruch nehmen m\\u00f6chten, so sprechen Sie mich bitte darauf an. Ich werde dann anhand eines in der deutschen \\u00c4rzteschaft abgestimmten Kataloges von individuellen Gesundheitsleistungen mit Ihnen beraten, welche dieser Ma\\u00dfnahmen in Ihrem Fall empfehlenswert sein k\\u00f6nnten. <\/p>\n<p>\\n\\nWenn Sie daraufhin eine dieser Leistungen in Anspruch nehmen m\\u00f6chten, so entsteht zwischen uns ein privates Behandlungsverh\\u00e4ltnis. Die Verg\\u00fctung regelt sich nach der amtlichen Geb\\u00fchrenordnung f\\u00fcr \\u00c4rzte (GO\\u00c4). Auf Wunsch nenne ich Ihnen gerne die bei der Durchf\\u00fchrung der von Ihnen gew\\u00fcnschten Leistungen entstehenden Kosten. Eine Erstattung dieser Kosten durch Ihre gesetzliche Krankenkasse ist rechtlich nicht m\\u00f6glich, auch wenn manche Kassen sich nicht an diese gesetzliche Vorschrift halten und die Kosten f\\u00fcr eine Reihe von individuellen Gesundheitsleistungen ganz oder teilweise \\u00fcbernehmen. <\/p>\n<p>\\n\\n<strong>Wenn Sie Fragen zu den individuellen Gesundheitsleistungen haben, so z\\u00f6gern Sie bitte nicht, mich darauf anzusprechen. Ich werde Sie gerne beraten.<\\\/strong>&#8222;,&#8220;margin&#8220;:&#8220;default&#8220;}},{&#8222;type&#8220;:&#8220;divider&#8220;,&#8220;props&#8220;:{&#8222;divider_element&#8220;:&#8220;hr&#8220;}},{&#8222;type&#8220;:&#8220;headline&#8220;,&#8220;props&#8220;:{&#8222;content&#8220;:&#8220;Eine Liste der in unserer Praxis angebotenen \\&#8220;IGeL-Leistungen\\&#8220; finden Sie nachfolgend:&#8220;,&#8220;margin&#8220;:&#8220;small&#8220;,&#8220;title_color&#8220;:&#8220;primary&#8220;,&#8220;title_element&#8220;:&#8220;h3&#8243;}},{&#8222;type&#8220;:&#8220;list&#8220;,&#8220;props&#8220;:{&#8222;column_breakpoint&#8220;:&#8220;m&#8220;,&#8220;image_align&#8220;:&#8220;left&#8220;,&#8220;image_svg_color&#8220;:&#8220;emphasis&#8220;,&#8220;image_vertical_align&#8220;:true,&#8220;list_element&#8220;:&#8220;ul&#8220;,&#8220;list_horizontal_separator&#8220;:&#8220;, &#8222;,&#8220;list_style&#8220;:&#8220;divider&#8220;,&#8220;list_type&#8220;:&#8220;vertical&#8220;,&#8220;show_image&#8220;:true,&#8220;show_link&#8220;:true},&#8220;children&#8220;:[{&#8222;type&#8220;:&#8220;list_item&#8220;,&#8220;props&#8220;:{&#8222;content&#8220;:&#8220;Erg\\u00e4nzung zur Gesundheitsuntersuchung, bestehend aus:<br \/>\\n\\u2022 Laborprofil<br \/>\\n\\u2022 Laborprofil und EKG&#8220;,&#8220;icon&#8220;:&#8220;&#8220;}},{&#8222;type&#8220;:&#8220;list_item&#8220;,&#8220;props&#8220;:{&#8222;content&#8220;:&#8220;Zus\\u00e4tzliche j\\u00e4hrliche Gesundheitsuntersuchung (\\&#8220;Intervall-Check\\&#8220;)<br \/>\\n\\u2022 mit kleinem Labor<br \/>\\n\\u2022 mit EKG<br \/>\\n\\u2022 mit EKG und kleinem Labor<br \/>\\n\\u2022 mit EKG und gro\\u00dfem Labor<br \/>&#8222;,&#8220;icon&#8220;:&#8220;&#8220;}},{&#8222;type&#8220;:&#8220;list_item&#8220;,&#8220;props&#8220;:{&#8222;content&#8220;:&#8220;Beratung zur laborchemischen Untersuchung (PSA und fPSA) zum Ausschlu\\u00df eines Prostatacarcinoms&#8220;,&#8220;icon&#8220;:&#8220;&#8220;}},{&#8222;type&#8220;:&#8220;list_item&#8220;,&#8220;props&#8220;:{&#8222;content&#8220;:&#8220;Umfassende Vorsorgeuntersuchung (\\&#8220;General-Check\\&#8220;) mit EKG, Lungenfunktion, gro\\u00dfem Labor, Ultraschall der Bauchorgane, Durchblutungsmessung der Beinarterien&#8220;}},{&#8222;type&#8220;:&#8220;list_item&#8220;,&#8220;props&#8220;:{&#8222;content&#8220;:&#8220;Ultraschall-\\&#8220;Check-Up\\&#8220; der Bauchorgane&#8220;}},{&#8222;type&#8220;:&#8220;list_item&#8220;,&#8220;props&#8220;:{&#8222;content&#8220;:&#8220;Lungenfunktionspr\\u00fcfung zur Fr\\u00fcherkennung&#8220;}},{&#8222;type&#8220;:&#8220;list_item&#8220;,&#8220;props&#8220;:{&#8222;content&#8220;:&#8220;Durchblutungsmessung der Beinarterien&#8220;}},{&#8222;type&#8220;:&#8220;list_item&#8220;,&#8220;props&#8220;:{&#8222;content&#8220;:&#8220;Kleiner Laborcheck&#8220;}},{&#8222;type&#8220;:&#8220;list_item&#8220;,&#8220;props&#8220;:{&#8222;content&#8220;:&#8220;Gro\\u00dfer Laborcheck&#8220;}},{&#8222;type&#8220;:&#8220;list_item&#8220;,&#8220;props&#8220;:{&#8222;content&#8220;:&#8220;HIV-Test&#8220;}},{&#8222;type&#8220;:&#8220;list_item&#8220;,&#8220;props&#8220;:{&#8222;content&#8220;:&#8220;Reisemedizinische Beratung einschlie\\u00dflich Impfberatung<br \/>\\n\\u2022 zus\\u00e4tzlich: schriftlicher Impfplan mit Information zur Malaria-Prophylaxe und Reiseapotheke<br \/>\\n\\u2022 Reiseimpfung (z. B. Hepatitis A)<br \/>\\n\\u2022 Untersuchung und Bescheinigung bei Reiser\\u00fccktritt&#8220;}},{&#8222;type&#8220;:&#8220;list_item&#8220;,&#8220;props&#8220;:{&#8222;content&#8220;:&#8220;Sportmedizinische Vorsorgeuntersuchung (Fechten, Judo, Tauchen u.a.)&#8220;}},{&#8222;type&#8220;:&#8220;list_item&#8220;,&#8220;props&#8220;:{&#8222;content&#8220;:&#8220;Berufseingangsuntersuchung&#8220;}},{&#8222;type&#8220;:&#8220;list_item&#8220;,&#8220;props&#8220;:{&#8222;content&#8220;:&#8220;\\u00dcberpr\\u00fcfung der Hirnleistungsfunktion auf Wunsch des Patienten mittels Testverfahren&#8220;}},{&#8222;type&#8220;:&#8220;list_item&#8220;,&#8220;props&#8220;:{&#8222;content&#8220;:&#8220;Kurantragsuntersuchung bei Kindern und Erwachsenen (z. B. Mutter\\\/Kind-Kur)&#8220;}},{&#8222;type&#8220;:&#8220;list_item&#8220;,&#8220;props&#8220;:{&#8222;content&#8220;:&#8220;Aufbauspritzenkur mit Medivitan&#8220;}},{&#8222;type&#8220;:&#8220;list_item&#8220;,&#8220;props&#8220;:{&#8222;content&#8220;:&#8220;Untersuchung von F\\u00fchrerscheinbewerbern&#8220;}}]}]}]}]}],&#8220;version&#8220;:&#8220;4.0.1&#8243;} &#8211;><\/p>\n","protected":false},"excerpt":{"rendered":"<p>Individuelle Gesundheitsleistungen Gesundheitsversorgung nach Ma\u00df Liebe Patientin, lieber Patient, Ihre gesetzilche Krankenkasse bietet Ihnen einen weitgehenden Versicherungsschutz im Krankheitsfall. Allerdings garantiert sie keine &#8222;Rundumversorgung&#8220;. Zahlreiche \u00e4rztliche Leistungen, die durchaus \u00e4rztlich empfohlen werden k\u00f6nnen, sind nicht im Leistungskatalog der gesetzlichen Krankenversicherung enthalten und d\u00fcrfen von Ihrer Krankenkasse nicht \u00fcbernommen werden. Ich darf diese Leistungen daher auch [&hellip;]<\/p>\n","protected":false},"author":1,"featured_media":0,"parent":0,"menu_order":0,"comment_status":"closed","ping_status":"closed","template":"","meta":{"footnotes":""},"_links":{"self":[{"href":"https:\/\/www.allgemeinarzt-in-bonn.de\/index.php?rest_route=\/wp\/v2\/pages\/97"}],"collection":[{"href":"https:\/\/www.allgemeinarzt-in-bonn.de\/index.php?rest_route=\/wp\/v2\/pages"}],"about":[{"href":"https:\/\/www.allgemeinarzt-in-bonn.de\/index.php?rest_route=\/wp\/v2\/types\/page"}],"author":[{"embeddable":true,"href":"https:\/\/www.allgemeinarzt-in-bonn.de\/index.php?rest_route=\/wp\/v2\/users\/1"}],"replies":[{"embeddable":true,"href":"https:\/\/www.allgemeinarzt-in-bonn.de\/index.php?rest_route=%2Fwp%2Fv2%2Fcomments&post=97"}],"version-history":[{"count":96,"href":"https:\/\/www.allgemeinarzt-in-bonn.de\/index.php?rest_route=\/wp\/v2\/pages\/97\/revisions"}],"predecessor-version":[{"id":980,"href":"https:\/\/www.allgemeinarzt-in-bonn.de\/index.php?rest_route=\/wp\/v2\/pages\/97\/revisions\/980"}],"wp:attachment":[{"href":"https:\/\/www.allgemeinarzt-in-bonn.de\/index.php?rest_route=%2Fwp%2Fv2%2Fmedia&parent=97"}],"curies":[{"name":"wp","href":"https:\/\/api.w.org\/{rel}","templated":true}]}}